{"id":5539,"date":"2024-07-09T15:56:41","date_gmt":"2024-07-09T13:56:41","guid":{"rendered":"https:\/\/topoieinstudio.fr\/?page_id=5539"},"modified":"2024-07-11T09:36:49","modified_gmt":"2024-07-11T07:36:49","slug":"conference-table-ronde-architectures-bois-au-quotidien3-a-la-rencontre-des-architectes","status":"publish","type":"page","link":"https:\/\/topoieinstudio.fr\/index.php\/conference-table-ronde-architectures-bois-au-quotidien3-a-la-rencontre-des-architectes\/","title":{"rendered":"Conf\u00e9rence table-ronde \u00ab\u00a0Architectures bois au quotidien\u00a0\u00bb#3 : \u00e0 la rencontre des architectes"},"content":{"rendered":"\t\t<div data-elementor-type=\"wp-page\" data-elementor-id=\"5539\" class=\"elementor elementor-5539\">\n\t\t\t\t<div class=\"elementor-element elementor-element-4b362ce e-flex e-con-boxed wpr-particle-no wpr-jarallax-no wpr-parallax-no wpr-sticky-section-no wpr-equal-height-no elementor-invisible e-con e-parent\" data-id=\"4b362ce\" data-element_type=\"container\" data-e-type=\"container\" data-settings=\"{&quot;animation&quot;:&quot;fadeIn&quot;}\">\n\t\t\t\t\t<div class=\"e-con-inner\">\n\t\t\t\t<div class=\"elementor-element elementor-element-30e970a elementor-widget elementor-widget-heading\" data-id=\"30e970a\" data-element_type=\"widget\" data-e-type=\"widget\" data-widget_type=\"heading.default\">\n\t\t\t\t<div class=\"elementor-widget-container\">\n\t\t\t\t\t<h2 class=\"elementor-heading-title elementor-size-default\">Conf\u00e9rence table-ronde \"Architectures bois au quotidien\"#3 : \u00e0 la rencontre des architectes\u200b<\/h2>\t\t\t\t<\/div>\n\t\t\t\t<\/div>\n\t\t\t\t<div class=\"elementor-element elementor-element-a8fca18 elementor-widget elementor-widget-text-editor\" data-id=\"a8fca18\" data-element_type=\"widget\" data-e-type=\"widget\" data-widget_type=\"text-editor.default\">\n\t\t\t\t<div class=\"elementor-widget-container\">\n\t\t\t\t\t\t\t\t\t<p>18\u00a0 janvier 2023<\/p>\t\t\t\t\t\t\t\t<\/div>\n\t\t\t\t<\/div>\n\t\t\t\t<div class=\"elementor-element elementor-element-9121774 elementor-widget elementor-widget-text-editor\" data-id=\"9121774\" data-element_type=\"widget\" data-e-type=\"widget\" data-widget_type=\"text-editor.default\">\n\t\t\t\t<div class=\"elementor-widget-container\">\n\t\t\t\t\t\t\t\t\t<p><strong>La Maison de l\u2019Architecture de Bourgogne<\/strong> a organis\u00e9 une table-ronde en marge de l&rsquo;exposition \u00ab\u00a0Architectures bois au quotidien\u00a0\u00bb au Consortium Museum de Dijon. Cet \u00e9v\u00e9nement a mis en avant les innovations dans le domaine de l&rsquo;architecture en bois, avec les interventions de professionnels.\u00a0<\/p>\t\t\t\t\t\t\t\t<\/div>\n\t\t\t\t<\/div>\n\t\t\t\t<div class=\"elementor-element elementor-element-4a7b9be elementor-widget elementor-widget-image\" data-id=\"4a7b9be\" data-element_type=\"widget\" data-e-type=\"widget\" data-widget_type=\"image.default\">\n\t\t\t\t<div class=\"elementor-widget-container\">\n\t\t\t\t\t\t\t\t\t\t\t\t\t\t\t<img decoding=\"async\" src=\"https:\/\/topoieinstudio.fr\/wp-content\/uploads\/2024\/07\/3.jpg\" title=\"\" alt=\"\" loading=\"lazy\" \/>\t\t\t\t\t\t\t\t\t\t\t\t\t\t\t<\/div>\n\t\t\t\t<\/div>\n\t\t\t\t<div class=\"elementor-element elementor-element-c9aae76 elementor-widget elementor-widget-text-editor\" data-id=\"c9aae76\" data-element_type=\"widget\" data-e-type=\"widget\" data-widget_type=\"text-editor.default\">\n\t\t\t\t<div class=\"elementor-widget-container\">\n\t\t\t\t\t\t\t\t\t<p>Cuverie Rousseau, Gevrey-Chambertin. Atelier Z\u00e9ro Carbone Architectes. Photo : Nicolas Trouillard.<\/p>\t\t\t\t\t\t\t\t<\/div>\n\t\t\t\t<\/div>\n\t\t\t\t<div class=\"elementor-element elementor-element-6a5bba4 elementor-widget elementor-widget-text-editor\" data-id=\"6a5bba4\" data-element_type=\"widget\" data-e-type=\"widget\" data-widget_type=\"text-editor.default\">\n\t\t\t\t<div class=\"elementor-widget-container\">\n\t\t\t\t\t\t\t\t\t<p>L&rsquo;exposition et les conf\u00e9rences ont permis de d\u00e9montrer l&rsquo;importance accord\u00e9e par les architectes \u00e0 l&rsquo;utilisation du bois. Les participants ont partag\u00e9 avec le public leurs pr\u00e9occupations et ont pr\u00e9sent\u00e9 leurs projets tout en proposant des manifestes et des plaidoyers pour l&rsquo;avenir de l&rsquo;architecture bois.<\/p><p>Comme chacun le sait, l&rsquo;utilisation du bois dans la construction r\u00e9pond \u00e0 des enjeux contemporains, notamment le confort, l&rsquo;efficacit\u00e9 \u00e9nerg\u00e9tique et la lutte contre les \u00e9missions de gaz \u00e0 effet de serre gr\u00e2ce au stockage du carbone.<\/p><p><strong>Jean-Marc Pauget<\/strong>, architecte expert en bois du CNDB, a coanim\u00e9 cette table-ronde aux c\u00f4t\u00e9s de deux architectes bourguignons qui ont pr\u00e9sent\u00e9 plusieurs de leurs r\u00e9alisations. <strong>Marine Jacques-Leflaive<\/strong>, de l&rsquo;Atelier Z\u00e9ro Carbone Architectes, a notamment expos\u00e9 la cuverie Rousseau r\u00e9alis\u00e9e \u00e0 Gevrey-Chambertin. <strong>Pierre-Etienne James<\/strong>, de Topo\u00efein Studio, a quant \u00e0 lui pr\u00e9sent\u00e9 une maison de ville \u00e0 Dijon ainsi qu&rsquo;un \u00e9quipement fluvial de loisirs \u00e0 Saint-Jean-de-Losne.<\/p><p><span style=\"font-style: inherit; font-weight: inherit; text-align: var(--text-align); background-color: var(--ast-global-color-5);\">Pour en savoir plus les actions de La Maison de l&rsquo;Architecture de Bourgogne : <\/span><a style=\"font-style: inherit; font-weight: inherit; text-align: var(--text-align);\" href=\"https:\/\/www.ma-b.fr\/page\/1951072-evenements-inscript\">Ev\u00e9nements+inscript | MAB &#8211; Maison de l&rsquo;Architecture de Bourgogne (ma-b.fr)<\/a><\/p>\t\t\t\t\t\t\t\t<\/div>\n\t\t\t\t<\/div>\n\t\t\t\t<div class=\"elementor-element elementor-element-2c2c78f elementor-widget elementor-widget-spacer\" data-id=\"2c2c78f\" data-element_type=\"widget\" data-e-type=\"widget\" data-widget_type=\"spacer.default\">\n\t\t\t\t<div class=\"elementor-widget-container\">\n\t\t\t\t\t\t\t<div class=\"elementor-spacer\">\n\t\t\t<div class=\"elementor-spacer-inner\"><\/div>\n\t\t<\/div>\n\t\t\t\t\t\t<\/div>\n\t\t\t\t<\/div>\n\t\t\t\t\t<\/div>\n\t\t\t\t<\/div>\n\t\t<div class=\"elementor-element elementor-element-8f719bf e-flex e-con-boxed wpr-particle-no wpr-jarallax-no wpr-parallax-no wpr-sticky-section-no wpr-equal-height-no e-con e-parent\" data-id=\"8f719bf\" data-element_type=\"container\" data-e-type=\"container\">\n\t\t\t\t\t<div class=\"e-con-inner\">\n\t\t<div class=\"elementor-element elementor-element-b48ce3f e-con-full e-flex wpr-particle-no wpr-jarallax-no wpr-parallax-no wpr-sticky-section-no wpr-equal-height-no e-con e-child\" data-id=\"b48ce3f\" data-element_type=\"container\" data-e-type=\"container\">\n\t\t\t\t<div class=\"elementor-element elementor-element-bb5b0b7 elementor-widget elementor-widget-image\" data-id=\"bb5b0b7\" data-element_type=\"widget\" data-e-type=\"widget\" data-widget_type=\"image.default\">\n\t\t\t\t<div class=\"elementor-widget-container\">\n\t\t\t\t\t\t\t\t\t\t\t\t\t\t\t<img fetchpriority=\"high\" decoding=\"async\" width=\"400\" height=\"400\" src=\"https:\/\/topoieinstudio.fr\/wp-content\/uploads\/2024\/07\/logo-le-consortium-dijon.jpg\" class=\"attachment-large size-large wp-image-5568\" alt=\"\" srcset=\"https:\/\/topoieinstudio.fr\/wp-content\/uploads\/2024\/07\/logo-le-consortium-dijon.jpg 400w, https:\/\/topoieinstudio.fr\/wp-content\/uploads\/2024\/07\/logo-le-consortium-dijon-300x300.jpg 300w, https:\/\/topoieinstudio.fr\/wp-content\/uploads\/2024\/07\/logo-le-consortium-dijon-150x150.jpg 150w\" sizes=\"(max-width: 400px) 100vw, 400px\" \/>\t\t\t\t\t\t\t\t\t\t\t\t\t\t\t<\/div>\n\t\t\t\t<\/div>\n\t\t\t\t<\/div>\n\t\t<div class=\"elementor-element elementor-element-2a2a0e3 e-con-full e-flex wpr-particle-no wpr-jarallax-no wpr-parallax-no wpr-sticky-section-no wpr-equal-height-no e-con e-child\" data-id=\"2a2a0e3\" data-element_type=\"container\" data-e-type=\"container\">\n\t\t\t\t<div class=\"elementor-element elementor-element-cdbcb89 elementor-widget elementor-widget-image\" data-id=\"cdbcb89\" data-element_type=\"widget\" data-e-type=\"widget\" data-widget_type=\"image.default\">\n\t\t\t\t<div class=\"elementor-widget-container\">\n\t\t\t\t\t\t\t\t\t\t\t\t\t\t\t<img decoding=\"async\" width=\"180\" height=\"122\" src=\"https:\/\/topoieinstudio.fr\/wp-content\/uploads\/2024\/07\/R.jpg\" class=\"attachment-large size-large wp-image-5570\" alt=\"\" \/>\t\t\t\t\t\t\t\t\t\t\t\t\t\t\t<\/div>\n\t\t\t\t<\/div>\n\t\t\t\t<\/div>\n\t\t<div class=\"elementor-element elementor-element-c9255ac e-con-full e-flex wpr-particle-no wpr-jarallax-no wpr-parallax-no wpr-sticky-section-no wpr-equal-height-no e-con e-child\" data-id=\"c9255ac\" data-element_type=\"container\" data-e-type=\"container\">\n\t\t\t\t<\/div>\n\t\t<div class=\"elementor-element elementor-element-47da3eb e-con-full e-flex wpr-particle-no wpr-jarallax-no wpr-parallax-no wpr-sticky-section-no wpr-equal-height-no e-con e-child\" data-id=\"47da3eb\" data-element_type=\"container\" data-e-type=\"container\">\n\t\t\t\t<\/div>\n\t\t\t\t\t<\/div>\n\t\t\t\t<\/div>\n\t\t<div class=\"elementor-element elementor-element-908f4ce e-flex e-con-boxed wpr-particle-no wpr-jarallax-no wpr-parallax-no wpr-sticky-section-no wpr-equal-height-no e-con e-parent\" data-id=\"908f4ce\" data-element_type=\"container\" data-e-type=\"container\">\n\t\t\t\t\t<div class=\"e-con-inner\">\n\t\t\t\t<div class=\"elementor-element elementor-element-2830455 elementor-align-right elementor-widget elementor-widget-button\" data-id=\"2830455\" data-element_type=\"widget\" data-e-type=\"widget\" data-widget_type=\"button.default\">\n\t\t\t\t<div class=\"elementor-widget-container\">\n\t\t\t\t\t\t\t\t\t<div class=\"elementor-button-wrapper\">\n\t\t\t\t\t<a class=\"elementor-button elementor-button-link elementor-size-sm elementor-animation-wobble-horizontal\" href=\"https:\/\/topoieinstudio.fr\/index.php\/actualites\/\">\n\t\t\t\t\t\t<span class=\"elementor-button-content-wrapper\">\n\t\t\t\t\t\t\t\t\t<span class=\"elementor-button-text\">Retour aux actualit\u00e9s<\/span>\n\t\t\t\t\t<\/span>\n\t\t\t\t\t<\/a>\n\t\t\t\t<\/div>\n\t\t\t\t\t\t\t\t<\/div>\n\t\t\t\t<\/div>\n\t\t\t\t\t<\/div>\n\t\t\t\t<\/div>\n\t\t\t\t<\/div>\n\t\t","protected":false},"excerpt":{"rendered":"<p>Conf\u00e9rence table-ronde \u00ab\u00a0Architectures bois au quotidien\u00a0\u00bb#3 : \u00e0 la rencontre des architectes\u200b 18\u00a0 janvier 2023 La Maison de l\u2019Architecture de Bourgogne a organis\u00e9 une table-ronde en marge de l&rsquo;exposition \u00ab\u00a0Architectures bois au quotidien\u00a0\u00bb au Consortium Museum de Dijon. Cet \u00e9v\u00e9nement a mis en avant les innovations dans le domaine de l&rsquo;architecture en bois, avec les interventions de professionnels.\u00a0 Cuverie Rousseau, Gevrey-Chambertin. Atelier Z\u00e9ro Carbone Architectes. Photo : Nicolas Trouillard. L&rsquo;exposition et les conf\u00e9rences ont permis de d\u00e9montrer l&rsquo;importance accord\u00e9e par les architectes \u00e0 l&rsquo;utilisation du bois. Les participants ont partag\u00e9 avec le public leurs pr\u00e9occupations et ont pr\u00e9sent\u00e9 leurs projets tout en proposant des manifestes et des plaidoyers pour l&rsquo;avenir de l&rsquo;architecture bois. Comme chacun le sait, l&rsquo;utilisation du bois dans la construction r\u00e9pond \u00e0 des enjeux contemporains, notamment le confort, l&rsquo;efficacit\u00e9 \u00e9nerg\u00e9tique et la lutte contre les \u00e9missions de gaz \u00e0 effet de serre gr\u00e2ce au stockage du carbone. Jean-Marc Pauget, architecte expert en bois du CNDB, a coanim\u00e9 cette table-ronde aux c\u00f4t\u00e9s de deux architectes bourguignons qui ont pr\u00e9sent\u00e9 plusieurs de leurs r\u00e9alisations. Marine Jacques-Leflaive, de l&rsquo;Atelier Z\u00e9ro Carbone Architectes, a notamment expos\u00e9 la cuverie Rousseau r\u00e9alis\u00e9e \u00e0 Gevrey-Chambertin. Pierre-Etienne James, de Topo\u00efein Studio, a quant \u00e0 lui pr\u00e9sent\u00e9 une maison de ville \u00e0 Dijon ainsi qu&rsquo;un \u00e9quipement fluvial de loisirs \u00e0 Saint-Jean-de-Losne. Pour en savoir plus les actions de La Maison de l&rsquo;Architecture de Bourgogne : Ev\u00e9nements+inscript | MAB &#8211; Maison de l&rsquo;Architecture de Bourgogne (ma-b.fr) Retour aux actualit\u00e9s<\/p>\n","protected":false},"author":1,"featured_media":5550,"parent":0,"menu_order":0,"comment_status":"closed","ping_status":"closed","template":"","meta":{"_monsterinsights_skip_tracking":false,"_monsterinsights_sitenote_active":false,"_monsterinsights_sitenote_note":"","_monsterinsights_sitenote_category":0,"site-sidebar-layout":"no-sidebar","site-content-layout":"","ast-site-content-layout":"full-width-container","site-content-style":"default","site-sidebar-style":"default","ast-global-header-display":"","ast-banner-title-visibility":"","ast-main-header-display":"","ast-hfb-above-header-display":"","ast-hfb-below-header-display":"","ast-hfb-mobile-header-display":"","site-post-title":"disabled","ast-breadcrumbs-content":"","ast-featured-img":"disabled","footer-sml-layout":"","ast-disable-related-posts":"","theme-transparent-header-meta":"","adv-header-id-meta":"","stick-header-meta":"","header-above-stick-meta":"","header-main-stick-meta":"","header-below-stick-meta":"","astra-migrate-meta-layouts":"default","ast-page-background-enabled":"default","ast-page-background-meta":{"desktop":{"background-color":"var(--ast-global-color-4)","background-image":"","background-repeat":"repeat","background-position":"center center","background-size":"auto","background-attachment":"scroll","background-type":"","background-media":"","overlay-type":"","overlay-color":"","overlay-opacity":"","overlay-gradient":""},"tablet":{"background-color":"","background-image":"","background-repeat":"repeat","background-position":"center center","background-size":"auto","background-attachment":"scroll","background-type":"","background-media":"","overlay-type":"","overlay-color":"","overlay-opacity":"","overlay-gradient":""},"mobile":{"background-color":"","background-image":"","background-repeat":"repeat","background-position":"center center","background-size":"auto","background-attachment":"scroll","background-type":"","background-media":"","overlay-type":"","overlay-color":"","overlay-opacity":"","overlay-gradient":""}},"ast-content-background-meta":{"desktop":{"background-color":"var(--ast-global-color-5)","background-image":"","background-repeat":"repeat","background-position":"center center","background-size":"auto","background-attachment":"scroll","background-type":"","background-media":"","overlay-type":"","overlay-color":"","overlay-opacity":"","overlay-gradient":""},"tablet":{"background-color":"var(--ast-global-color-5)","background-image":"","background-repeat":"repeat","background-position":"center center","background-size":"auto","background-attachment":"scroll","background-type":"","background-media":"","overlay-type":"","overlay-color":"","overlay-opacity":"","overlay-gradient":""},"mobile":{"background-color":"var(--ast-global-color-5)","background-image":"","background-repeat":"repeat","background-position":"center center","background-size":"auto","background-attachment":"scroll","background-type":"","background-media":"","overlay-type":"","overlay-color":"","overlay-opacity":"","overlay-gradient":""}},"footnotes":""},"class_list":["post-5539","page","type-page","status-publish","has-post-thumbnail","hentry"],"yoast_head":"<!-- This site is optimized with the Yoast SEO plugin v27.5 - https:\/\/yoast.com\/product\/yoast-seo-wordpress\/ -->\n<title>Conf\u00e9rence table-ronde &quot;Architectures bois au quotidien&quot;<\/title>\n<meta name=\"description\" content=\"La Maison de l\u2019Architecture de Bourgogne a organis\u00e9 une table-ronde au Consortium Museum de Dijon avec de nombreuses interventions.\" \/>\n<meta name=\"robots\" content=\"index, follow, max-snippet:-1, max-image-preview:large, max-video-preview:-1\" \/>\n<link rel=\"canonical\" href=\"https:\/\/topoieinstudio.fr\/index.php\/conference-table-ronde-architectures-bois-au-quotidien3-a-la-rencontre-des-architectes\/\" \/>\n<meta property=\"og:locale\" content=\"fr_FR\" \/>\n<meta property=\"og:type\" content=\"article\" \/>\n<meta property=\"og:title\" content=\"Conf\u00e9rence table-ronde &quot;Architectures bois au quotidien&quot;\" \/>\n<meta property=\"og:description\" content=\"La Maison de l\u2019Architecture de Bourgogne a organis\u00e9 une table-ronde au Consortium Museum de Dijon avec de nombreuses interventions.\" \/>\n<meta property=\"og:url\" content=\"https:\/\/topoieinstudio.fr\/index.php\/conference-table-ronde-architectures-bois-au-quotidien3-a-la-rencontre-des-architectes\/\" \/>\n<meta property=\"og:site_name\" content=\"Topoiein Studio\" \/>\n<meta property=\"article:modified_time\" content=\"2024-07-11T07:36:49+00:00\" \/>\n<meta property=\"og:image\" content=\"https:\/\/topoieinstudio.fr\/wp-content\/uploads\/2024\/07\/Vignette-Table-Ronde.jpg\" \/>\n\t<meta property=\"og:image:width\" content=\"700\" \/>\n\t<meta property=\"og:image:height\" content=\"500\" \/>\n\t<meta property=\"og:image:type\" content=\"image\/jpeg\" \/>\n<meta name=\"twitter:card\" content=\"summary_large_image\" \/>\n<meta name=\"twitter:label1\" content=\"Dur\u00e9e de lecture estim\u00e9e\" \/>\n\t<meta name=\"twitter:data1\" content=\"2 minutes\" \/>\n<script type=\"application\/ld+json\" class=\"yoast-schema-graph\">{\"@context\":\"https:\\\/\\\/schema.org\",\"@graph\":[{\"@type\":\"WebPage\",\"@id\":\"https:\\\/\\\/topoieinstudio.fr\\\/index.php\\\/conference-table-ronde-architectures-bois-au-quotidien3-a-la-rencontre-des-architectes\\\/\",\"url\":\"https:\\\/\\\/topoieinstudio.fr\\\/index.php\\\/conference-table-ronde-architectures-bois-au-quotidien3-a-la-rencontre-des-architectes\\\/\",\"name\":\"Conf\u00e9rence table-ronde \\\"Architectures bois au quotidien\\\"\",\"isPartOf\":{\"@id\":\"https:\\\/\\\/topoieinstudio.fr\\\/#website\"},\"primaryImageOfPage\":{\"@id\":\"https:\\\/\\\/topoieinstudio.fr\\\/index.php\\\/conference-table-ronde-architectures-bois-au-quotidien3-a-la-rencontre-des-architectes\\\/#primaryimage\"},\"image\":{\"@id\":\"https:\\\/\\\/topoieinstudio.fr\\\/index.php\\\/conference-table-ronde-architectures-bois-au-quotidien3-a-la-rencontre-des-architectes\\\/#primaryimage\"},\"thumbnailUrl\":\"https:\\\/\\\/topoieinstudio.fr\\\/wp-content\\\/uploads\\\/2024\\\/07\\\/Vignette-Table-Ronde.jpg\",\"datePublished\":\"2024-07-09T13:56:41+00:00\",\"dateModified\":\"2024-07-11T07:36:49+00:00\",\"description\":\"La Maison de l\u2019Architecture de Bourgogne a organis\u00e9 une table-ronde au Consortium Museum de Dijon avec de nombreuses interventions.\",\"breadcrumb\":{\"@id\":\"https:\\\/\\\/topoieinstudio.fr\\\/index.php\\\/conference-table-ronde-architectures-bois-au-quotidien3-a-la-rencontre-des-architectes\\\/#breadcrumb\"},\"inLanguage\":\"fr-FR\",\"potentialAction\":[{\"@type\":\"ReadAction\",\"target\":[\"https:\\\/\\\/topoieinstudio.fr\\\/index.php\\\/conference-table-ronde-architectures-bois-au-quotidien3-a-la-rencontre-des-architectes\\\/\"]}]},{\"@type\":\"ImageObject\",\"inLanguage\":\"fr-FR\",\"@id\":\"https:\\\/\\\/topoieinstudio.fr\\\/index.php\\\/conference-table-ronde-architectures-bois-au-quotidien3-a-la-rencontre-des-architectes\\\/#primaryimage\",\"url\":\"https:\\\/\\\/topoieinstudio.fr\\\/wp-content\\\/uploads\\\/2024\\\/07\\\/Vignette-Table-Ronde.jpg\",\"contentUrl\":\"https:\\\/\\\/topoieinstudio.fr\\\/wp-content\\\/uploads\\\/2024\\\/07\\\/Vignette-Table-Ronde.jpg\",\"width\":700,\"height\":500},{\"@type\":\"BreadcrumbList\",\"@id\":\"https:\\\/\\\/topoieinstudio.fr\\\/index.php\\\/conference-table-ronde-architectures-bois-au-quotidien3-a-la-rencontre-des-architectes\\\/#breadcrumb\",\"itemListElement\":[{\"@type\":\"ListItem\",\"position\":1,\"name\":\"Accueil\",\"item\":\"https:\\\/\\\/topoieinstudio.fr\\\/\"},{\"@type\":\"ListItem\",\"position\":2,\"name\":\"Conf\u00e9rence table-ronde &#8220;Architectures bois au quotidien&#8221;#3 : \u00e0 la rencontre des architectes\"}]},{\"@type\":\"WebSite\",\"@id\":\"https:\\\/\\\/topoieinstudio.fr\\\/#website\",\"url\":\"https:\\\/\\\/topoieinstudio.fr\\\/\",\"name\":\"Topoiein Studio\",\"description\":\"\",\"publisher\":{\"@id\":\"https:\\\/\\\/topoieinstudio.fr\\\/#organization\"},\"potentialAction\":[{\"@type\":\"SearchAction\",\"target\":{\"@type\":\"EntryPoint\",\"urlTemplate\":\"https:\\\/\\\/topoieinstudio.fr\\\/?s={search_term_string}\"},\"query-input\":{\"@type\":\"PropertyValueSpecification\",\"valueRequired\":true,\"valueName\":\"search_term_string\"}}],\"inLanguage\":\"fr-FR\"},{\"@type\":\"Organization\",\"@id\":\"https:\\\/\\\/topoieinstudio.fr\\\/#organization\",\"name\":\"Topoiein Studio\",\"url\":\"https:\\\/\\\/topoieinstudio.fr\\\/\",\"logo\":{\"@type\":\"ImageObject\",\"inLanguage\":\"fr-FR\",\"@id\":\"https:\\\/\\\/topoieinstudio.fr\\\/#\\\/schema\\\/logo\\\/image\\\/\",\"url\":\"https:\\\/\\\/topoieinstudio.fr\\\/wp-content\\\/uploads\\\/2024\\\/05\\\/Logo-sans-signature.svg\",\"contentUrl\":\"https:\\\/\\\/topoieinstudio.fr\\\/wp-content\\\/uploads\\\/2024\\\/05\\\/Logo-sans-signature.svg\",\"width\":305,\"height\":215,\"caption\":\"Topoiein Studio\"},\"image\":{\"@id\":\"https:\\\/\\\/topoieinstudio.fr\\\/#\\\/schema\\\/logo\\\/image\\\/\"}}]}<\/script>\n<!-- \/ Yoast SEO plugin. -->","yoast_head_json":{"title":"Conf\u00e9rence table-ronde \"Architectures bois au quotidien\"","description":"La Maison de l\u2019Architecture de Bourgogne a organis\u00e9 une table-ronde au Consortium Museum de Dijon avec de nombreuses interventions.","robots":{"index":"index","follow":"follow","max-snippet":"max-snippet:-1","max-image-preview":"max-image-preview:large","max-video-preview":"max-video-preview:-1"},"canonical":"https:\/\/topoieinstudio.fr\/index.php\/conference-table-ronde-architectures-bois-au-quotidien3-a-la-rencontre-des-architectes\/","og_locale":"fr_FR","og_type":"article","og_title":"Conf\u00e9rence table-ronde \"Architectures bois au quotidien\"","og_description":"La Maison de l\u2019Architecture de Bourgogne a organis\u00e9 une table-ronde au Consortium Museum de Dijon avec de nombreuses interventions.","og_url":"https:\/\/topoieinstudio.fr\/index.php\/conference-table-ronde-architectures-bois-au-quotidien3-a-la-rencontre-des-architectes\/","og_site_name":"Topoiein Studio","article_modified_time":"2024-07-11T07:36:49+00:00","og_image":[{"width":700,"height":500,"url":"https:\/\/topoieinstudio.fr\/wp-content\/uploads\/2024\/07\/Vignette-Table-Ronde.jpg","type":"image\/jpeg"}],"twitter_card":"summary_large_image","twitter_misc":{"Dur\u00e9e de lecture estim\u00e9e":"2 minutes"},"schema":{"@context":"https:\/\/schema.org","@graph":[{"@type":"WebPage","@id":"https:\/\/topoieinstudio.fr\/index.php\/conference-table-ronde-architectures-bois-au-quotidien3-a-la-rencontre-des-architectes\/","url":"https:\/\/topoieinstudio.fr\/index.php\/conference-table-ronde-architectures-bois-au-quotidien3-a-la-rencontre-des-architectes\/","name":"Conf\u00e9rence table-ronde \"Architectures bois au quotidien\"","isPartOf":{"@id":"https:\/\/topoieinstudio.fr\/#website"},"primaryImageOfPage":{"@id":"https:\/\/topoieinstudio.fr\/index.php\/conference-table-ronde-architectures-bois-au-quotidien3-a-la-rencontre-des-architectes\/#primaryimage"},"image":{"@id":"https:\/\/topoieinstudio.fr\/index.php\/conference-table-ronde-architectures-bois-au-quotidien3-a-la-rencontre-des-architectes\/#primaryimage"},"thumbnailUrl":"https:\/\/topoieinstudio.fr\/wp-content\/uploads\/2024\/07\/Vignette-Table-Ronde.jpg","datePublished":"2024-07-09T13:56:41+00:00","dateModified":"2024-07-11T07:36:49+00:00","description":"La Maison de l\u2019Architecture de Bourgogne a organis\u00e9 une table-ronde au Consortium Museum de Dijon avec de nombreuses interventions.","breadcrumb":{"@id":"https:\/\/topoieinstudio.fr\/index.php\/conference-table-ronde-architectures-bois-au-quotidien3-a-la-rencontre-des-architectes\/#breadcrumb"},"inLanguage":"fr-FR","potentialAction":[{"@type":"ReadAction","target":["https:\/\/topoieinstudio.fr\/index.php\/conference-table-ronde-architectures-bois-au-quotidien3-a-la-rencontre-des-architectes\/"]}]},{"@type":"ImageObject","inLanguage":"fr-FR","@id":"https:\/\/topoieinstudio.fr\/index.php\/conference-table-ronde-architectures-bois-au-quotidien3-a-la-rencontre-des-architectes\/#primaryimage","url":"https:\/\/topoieinstudio.fr\/wp-content\/uploads\/2024\/07\/Vignette-Table-Ronde.jpg","contentUrl":"https:\/\/topoieinstudio.fr\/wp-content\/uploads\/2024\/07\/Vignette-Table-Ronde.jpg","width":700,"height":500},{"@type":"BreadcrumbList","@id":"https:\/\/topoieinstudio.fr\/index.php\/conference-table-ronde-architectures-bois-au-quotidien3-a-la-rencontre-des-architectes\/#breadcrumb","itemListElement":[{"@type":"ListItem","position":1,"name":"Accueil","item":"https:\/\/topoieinstudio.fr\/"},{"@type":"ListItem","position":2,"name":"Conf\u00e9rence table-ronde &#8220;Architectures bois au quotidien&#8221;#3 : \u00e0 la rencontre des architectes"}]},{"@type":"WebSite","@id":"https:\/\/topoieinstudio.fr\/#website","url":"https:\/\/topoieinstudio.fr\/","name":"Topoiein Studio","description":"","publisher":{"@id":"https:\/\/topoieinstudio.fr\/#organization"},"potentialAction":[{"@type":"SearchAction","target":{"@type":"EntryPoint","urlTemplate":"https:\/\/topoieinstudio.fr\/?s={search_term_string}"},"query-input":{"@type":"PropertyValueSpecification","valueRequired":true,"valueName":"search_term_string"}}],"inLanguage":"fr-FR"},{"@type":"Organization","@id":"https:\/\/topoieinstudio.fr\/#organization","name":"Topoiein Studio","url":"https:\/\/topoieinstudio.fr\/","logo":{"@type":"ImageObject","inLanguage":"fr-FR","@id":"https:\/\/topoieinstudio.fr\/#\/schema\/logo\/image\/","url":"https:\/\/topoieinstudio.fr\/wp-content\/uploads\/2024\/05\/Logo-sans-signature.svg","contentUrl":"https:\/\/topoieinstudio.fr\/wp-content\/uploads\/2024\/05\/Logo-sans-signature.svg","width":305,"height":215,"caption":"Topoiein Studio"},"image":{"@id":"https:\/\/topoieinstudio.fr\/#\/schema\/logo\/image\/"}}]}},"_links":{"self":[{"href":"https:\/\/topoieinstudio.fr\/index.php\/wp-json\/wp\/v2\/pages\/5539","targetHints":{"allow":["GET"]}}],"collection":[{"href":"https:\/\/topoieinstudio.fr\/index.php\/wp-json\/wp\/v2\/pages"}],"about":[{"href":"https:\/\/topoieinstudio.fr\/index.php\/wp-json\/wp\/v2\/types\/page"}],"author":[{"embeddable":true,"href":"https:\/\/topoieinstudio.fr\/index.php\/wp-json\/wp\/v2\/users\/1"}],"replies":[{"embeddable":true,"href":"https:\/\/topoieinstudio.fr\/index.php\/wp-json\/wp\/v2\/comments?post=5539"}],"version-history":[{"count":62,"href":"https:\/\/topoieinstudio.fr\/index.php\/wp-json\/wp\/v2\/pages\/5539\/revisions"}],"predecessor-version":[{"id":5638,"href":"https:\/\/topoieinstudio.fr\/index.php\/wp-json\/wp\/v2\/pages\/5539\/revisions\/5638"}],"wp:featuredmedia":[{"embeddable":true,"href":"https:\/\/topoieinstudio.fr\/index.php\/wp-json\/wp\/v2\/media\/5550"}],"wp:attachment":[{"href":"https:\/\/topoieinstudio.fr\/index.php\/wp-json\/wp\/v2\/media?parent=5539"}],"curies":[{"name":"wp","href":"https:\/\/api.w.org\/{rel}","templated":true}]}}